{"id":7551,"date":"2015-11-27T18:00:51","date_gmt":"2015-11-27T18:00:51","guid":{"rendered":"http:\/\/export-xml.qreativethemes.com\/physio\/?page_id=117"},"modified":"2019-01-18T08:23:56","modified_gmt":"2019-01-18T07:23:56","slug":"contact-us","status":"publish","type":"page","link":"https:\/\/kine-genval.be\/index.php\/contact-us\/","title":{"rendered":"Contact"},"content":{"rendered":"<div id=\"pl-7551\"  class=\"panel-layout\" ><div id=\"pg-7551-0\"  class=\"panel-grid panel-no-style\" ><div id=\"pgc-7551-0-0\"  class=\"panel-grid-cell\" ><div id=\"panel-7551-0-0-0\" class=\"so-panel widget widget_sow-editor panel-first-child\" data-index=\"0\" ><div class=\"featured-box panel-widget-style panel-widget-style-for-7551-0-0-0\" ><div class=\"so-widget-sow-editor so-widget-sow-editor-base\">\n<div class=\"siteorigin-widget-tinymce textwidget\">\n\t<p><strong>Ludovic Leboulanger-Even<br \/>\n<\/strong><span style=\"line-height: 1.5;\">Centre param\u00e9dical Becquevort<br \/>\n<\/span><span style=\"line-height: 1.5;\">Place Becquevort, 2<br \/>\n<\/span><span style=\"line-height: 1.5;\">1332 Genval<\/span><\/p>\n<hr \/>\n<p><strong>Num\u00e9ro de t\u00e9l\u00e9phone<br \/>\n<\/strong>+32 473 - 46 - 20 - 74<\/p>\n<hr \/>\n<p><strong> Mon email<br \/>\n<\/strong>ludovic.kinesitherapeute@gmail.com<\/p>\n<hr \/>\n<p><strong>Social Media<br \/>\n<\/strong><\/p>\n<p><a class=\"icon-wrap\" href=\"http:\/\/facebook.com\/qreativethemes\" target=\"_blank\"><i class=\"fa fa-facebook\"><\/i><\/a> \u00a0 <a class=\"icon-wrap\" href=\"http:\/\/twitter.com\/qreativethemes\" target=\"_blank\"><i class=\"fa fa-twitter\"><\/i><\/a> \u00a0 <a class=\"icon-wrap\" href=\"#\" target=\"_self\"><i class=\"fa fa-linkedin\"><\/i><\/a> \u00a0 <a class=\"icon-wrap\" href=\"#\" target=\"_self\"><i class=\"fa fa-youtube\"><\/i><\/a> \u00a0 <span class=\"icon-wrap\"><i class=\"fa fa-instagram\"><\/i><\/span><\/p>\n<\/div>\n<\/div><\/div><\/div><div id=\"panel-7551-0-0-1\" class=\"so-panel widget widget_qt_opening_hours widget-opening-hours panel-last-child\" data-index=\"1\" ><div class=\"smaller-widget-title panel-widget-style panel-widget-style-for-7551-0-0-1\" ><h3 class=\"widget-title\">Heures d&rsquo;ouverture<\/h3><div class=\"opening-hours\"><ul><li class=\"weekday\">Lundi<span class=\"right\">08:00-20:00<\/span><\/li><li class=\"weekday\">Mardi<span class=\"right\">08:00-20:00<\/span><\/li><li class=\"weekday\">Mercredi<span class=\"right\">08:00-20:00<\/span><\/li><li class=\"weekday\">Jeudi<span class=\"right\">08:00-20:00<\/span><\/li><li class=\"weekday today\">Vendredi<span class=\"right\">08:00-20:00<\/span><\/li><li class=\"weekday\">Samedi<span class=\"right\">FERME<\/span><\/li><li class=\"weekday\">Dimanche<span class=\"right\">FERME<\/span><\/li><\/ul><\/div><\/div><\/div><\/div><div id=\"pgc-7551-0-1\"  class=\"panel-grid-cell\" ><div id=\"panel-7551-0-1-0\" class=\"so-panel widget widget_sow-headline panel-first-child\" data-index=\"2\" ><div class=\"so-widget-sow-headline so-widget-sow-headline-default-8d8ed0dedf8a\"><div class=\"sow-headline-container \">\n\t<h1 class='sow-headline'>R\u00e9servation en ligne en cours d'installation,  Pour l'instant, merci d'utiliser la r\u00e9servation par mail ou t\u00e9l\u00e9phone au 0473.46.20.74<\/h1>\t\t\t\t\t<div class=\"decoration\">\n\t\t\t\t\t\t<div class=\"decoration-inside\"><\/div>\n\t\t\t\t\t<\/div>\n\t\t\t\t\t<\/div><\/div><\/div><div id=\"panel-7551-0-1-1\" class=\"so-panel widget widget_text\" data-index=\"3\" >\t\t\t<div class=\"textwidget\"><iframe src=\"https:\/\/www.doctoranytime.be\/iframes\/agenda?doctorId=71702\" scrolling=\"no\" frameborder=\"0\" style=\"border: none; overflow: hidden; width: 100%; height: 445px;margin: 0 auto; display: block;\" allowtransparency=\"true\" id=\"defaultiFrame\"><\/iframe><\/div>\n\t\t<\/div><div id=\"panel-7551-0-1-2\" class=\"so-panel widget widget_sow-google-map\" data-index=\"4\" ><div class=\"panel-widget-style panel-widget-style-for-7551-0-1-2\" ><div class=\"so-widget-sow-google-map so-widget-sow-google-map-default-7c85adda2d36\">\n<div class=\"sow-google-map-canvas\"\n\tstyle=\"\"\n\tid=\"map-canvas-891676ee794f59701c41a155480b6fed\"\n\tdata-options=\"{&quot;address&quot;:&quot;Place Becquevort, 2  1332 Genval&quot;,&quot;zoom&quot;:15,&quot;mobileZoom&quot;:15,&quot;gestureHandling&quot;:&quot;greedy&quot;,&quot;disableUi&quot;:false,&quot;keepCentered&quot;:true,&quot;markerIcon&quot;:&quot;&quot;,&quot;markersDraggable&quot;:false,&quot;markerAtCenter&quot;:true,&quot;markerInfoDisplay&quot;:&quot;mouseover&quot;,&quot;markerInfoMultiple&quot;:true,&quot;markerPositions&quot;:[{&quot;place&quot;:&quot;Place Becquevort 2, 1332 Genval&quot;,&quot;info&quot;:&quot;&lt;strong&gt;Centre param\\u00e9dical Becquevort &lt;\\\/strong&gt;\\n&lt;a href=\\&quot;#\\&quot;&gt;Find out More&lt;\\\/a&gt;&quot;,&quot;infoSelectedEditor&quot;:&quot;html&quot;,&quot;infoMaxWidth&quot;:&quot;&quot;,&quot;customMarkerIcon&quot;:&quot;&quot;}],&quot;mapName&quot;:&quot;Carte personnalis\\u00e9e&quot;,&quot;mapStyles&quot;:[{&quot;featureType&quot;:&quot;landscape&quot;,&quot;stylers&quot;:[{&quot;saturation&quot;:-100},{&quot;lightness&quot;:60}]},{&quot;featureType&quot;:&quot;road.local&quot;,&quot;stylers&quot;:[{&quot;saturation&quot;:-100},{&quot;lightness&quot;:40},{&quot;visibility&quot;:&quot;on&quot;}]},{&quot;featureType&quot;:&quot;transit&quot;,&quot;stylers&quot;:[{&quot;saturation&quot;:-100},{&quot;visibility&quot;:&quot;simplified&quot;}]},{&quot;featureType&quot;:&quot;administrative.province&quot;,&quot;stylers&quot;:[{&quot;visibility&quot;:&quot;off&quot;}]},{&quot;featureType&quot;:&quot;water&quot;,&quot;stylers&quot;:[{&quot;visibility&quot;:&quot;on&quot;},{&quot;lightness&quot;:30}]},{&quot;featureType&quot;:&quot;road.highway&quot;,&quot;elementType&quot;:&quot;geometry.fill&quot;,&quot;stylers&quot;:[{&quot;color&quot;:&quot;#ef8c25&quot;},{&quot;lightness&quot;:40}]},{&quot;featureType&quot;:&quot;road.highway&quot;,&quot;elementType&quot;:&quot;geometry.stroke&quot;,&quot;stylers&quot;:[{&quot;visibility&quot;:&quot;off&quot;}]},{&quot;featureType&quot;:&quot;poi.park&quot;,&quot;elementType&quot;:&quot;geometry.fill&quot;,&quot;stylers&quot;:[{&quot;color&quot;:&quot;#b6c54c&quot;},{&quot;lightness&quot;:40},{&quot;saturation&quot;:-40}]},[]],&quot;directions&quot;:&quot;&quot;,&quot;apiKey&quot;:&quot;AIzaSyDYB70EM7-9xzvrW2w1E5-wv1TCwjFWE-E&quot;,&quot;breakpoint&quot;:780}\"\n\tdata-fallback-image=\"{&quot;img&quot;:&quot;&quot;}\"><\/div>\n<\/div><\/div><\/div><div id=\"panel-7551-0-1-3\" class=\"so-panel widget widget_sow-editor\" data-index=\"5\" ><div class=\"featured-box panel-widget-style panel-widget-style-for-7551-0-1-3\" ><div class=\"so-widget-sow-editor so-widget-sow-editor-base\">\n<div class=\"siteorigin-widget-tinymce textwidget\">\n\t<p>Cabinet situ\u00e9 au rez-de-chauss\u00e9e, accessible aux personnes \u00e0 mobilit\u00e9 r\u00e9duite<br \/> Parking \u00e0 votre disposition en face du cabinet.<br \/> Stationnement r\u00e9serv\u00e9 aux personnes handicap\u00e9es<\/p>\n<\/div>\n<\/div><\/div><\/div><div id=\"panel-7551-0-1-4\" class=\"so-panel widget widget_sow-editor\" data-index=\"6\" ><div class=\"smaller-widget-title panel-widget-style panel-widget-style-for-7551-0-1-4\" ><div class=\"so-widget-sow-editor so-widget-sow-editor-base\"><h3 class=\"widget-title\">Pour me contacter <\/h3>\n<div class=\"siteorigin-widget-tinymce textwidget\">\n\t<p>N'h\u00e9sitez pas pour la moindre question \u00e0 me contacter par t\u00e9l\u00e9phone ou via le formulaire de contact ci-dessous. Le message me sera transmis directement. Je vous r\u00e9pondrais alors dans les plus brefs d\u00e9lais.<\/p>\n<\/div>\n<\/div><\/div><\/div><div id=\"panel-7551-0-1-5\" class=\"so-panel widget widget_sow-editor panel-last-child\" data-index=\"7\" ><div class=\"panel-widget-style panel-widget-style-for-7551-0-1-5\" ><div class=\"so-widget-sow-editor so-widget-sow-editor-base\">\n<div class=\"siteorigin-widget-tinymce textwidget\">\n\t<div role=\"form\" class=\"wpcf7\" id=\"wpcf7-f7485-o1\" lang=\"en-US\" dir=\"ltr\">\n<div class=\"screen-reader-response\"><p role=\"status\" aria-live=\"polite\" aria-atomic=\"true\"><\/p> <ul><\/ul><\/div>\n<form action=\"\/index.php\/wp-json\/wp\/v2\/pages\/7551#wpcf7-f7485-o1\" method=\"post\" class=\"wpcf7-form init\" novalidate=\"novalidate\" data-status=\"init\">\n<div style=\"display: none;\">\n<input type=\"hidden\" name=\"_wpcf7\" value=\"7485\" \/>\n<input type=\"hidden\" name=\"_wpcf7_version\" value=\"5.3.2\" \/>\n<input type=\"hidden\" name=\"_wpcf7_locale\" value=\"en_US\" \/>\n<input type=\"hidden\" name=\"_wpcf7_unit_tag\" value=\"wpcf7-f7485-o1\" \/>\n<input type=\"hidden\" name=\"_wpcf7_container_post\" value=\"0\" \/>\n<input type=\"hidden\" name=\"_wpcf7_posted_data_hash\" value=\"\" \/>\n<\/div>\n<div class=\"questionform white-featured-box\">\n<div class=\"row\">\n<div class=\"col-xs-12 col-md-6\">\n\t\t<span class=\"wpcf7-form-control-wrap your-name\"><input type=\"text\" name=\"your-name\" value=\"\" size=\"40\" class=\"wpcf7-form-control wpcf7-text wpcf7-validates-as-required\" aria-required=\"true\" aria-invalid=\"false\" placeholder=\"Nom et Pr\u00e9nom *\" \/><\/span><span class=\"wpcf7-form-control-wrap your-email\"><input type=\"email\" name=\"your-email\" value=\"\" size=\"40\" class=\"wpcf7-form-control wpcf7-text wpcf7-email wpcf7-validates-as-required wpcf7-validates-as-email\" aria-required=\"true\" aria-invalid=\"false\" placeholder=\"Adresse email *\" \/><\/span><span class=\"wpcf7-form-control-wrap your-phone\"><input type=\"tel\" name=\"your-phone\" value=\"\" size=\"40\" class=\"wpcf7-form-control wpcf7-text wpcf7-tel wpcf7-validates-as-required wpcf7-validates-as-tel\" aria-required=\"true\" aria-invalid=\"false\" placeholder=\"Num\u00e9ro de t\u00e9l\u00e9phone *\" \/><\/span><span class=\"wpcf7-form-control-wrap answer\"><select name=\"answer\" class=\"wpcf7-form-control wpcf7-select wpcf7-validates-as-required\" aria-required=\"true\" aria-invalid=\"false\"><option value=\"\">Recevoir la r\u00e9ponse par:<\/option><option value=\"T\u00e9l\u00e9phone\">T\u00e9l\u00e9phone<\/option><option value=\"Par Email\">Par Email<\/option><\/select><\/span>\n\t<\/div>\n<div class=\"col-xs-12 col-md-6\">\n\t\t<span class=\"wpcf7-form-control-wrap your-name\"><input type=\"text\" name=\"your-name\" value=\"\" size=\"40\" class=\"wpcf7-form-control wpcf7-text wpcf7-validates-as-required\" aria-required=\"true\" aria-invalid=\"false\" placeholder=\"Sujet\" \/><\/span><span class=\"wpcf7-form-control-wrap your-message\"><textarea name=\"your-message\" cols=\"40\" rows=\"10\" class=\"wpcf7-form-control wpcf7-textarea wpcf7-validates-as-required\" aria-required=\"true\" aria-invalid=\"false\" placeholder=\"Entrez votre demande...\"><\/textarea><\/span><input type=\"submit\" value=\"Envoyer la demande\" class=\"wpcf7-form-control wpcf7-submit btn btn-primary pull-right fullwidth\" \/>\n\t<\/div>\n<\/div>\n<\/div>\n<div class=\"wpcf7-response-output\" aria-hidden=\"true\"><\/div><\/form><\/div>\n<\/div>\n<\/div><\/div><\/div><\/div><\/div><\/div>","protected":false},"excerpt":{"rendered":"<p>Ludovic Leboulanger-Even Centre param\u00e9dical Becquevort Place Becquevort, 2 1332 Genval Num\u00e9ro de t\u00e9l\u00e9phone +32 473 &#8211; 46 &#8211; 20 &#8211; 74 Mon email ludovic.kinesitherapeute@gmail.com Social Media \u00a0 \u00a0 \u00a0 \u00a0 Cabinet situ\u00e9 au rez-de-chauss\u00e9e, accessible aux personnes \u00e0 mobilit\u00e9 r\u00e9duite Parking \u00e0 votre disposition en face du cabinet. Stationnement r\u00e9serv\u00e9 aux personnes handicap\u00e9es N&rsquo;h\u00e9sitez pas [&hellip;]<\/p>\n","protected":false},"author":1,"featured_media":0,"parent":0,"menu_order":0,"comment_status":"closed","ping_status":"closed","template":"","meta":[],"yoast_head":"<!-- This site is optimized with the Yoast SEO plugin v15.6.2 - https:\/\/yoast.com\/wordpress\/plugins\/seo\/ -->\n<title>Contact - Kin\u00e9sith\u00e9rapeute Ludovic Leboulanger La Hulpe Genval<\/title>\n<meta name=\"robots\" content=\"index, follow, max-snippet:-1, max-image-preview:large, max-video-preview:-1\" \/>\n<link rel=\"canonical\" href=\"https:\/\/kine-genval.be\/index.php\/contact-us\/\" \/>\n<meta property=\"og:locale\" content=\"fr_FR\" \/>\n<meta property=\"og:type\" content=\"article\" \/>\n<meta property=\"og:title\" content=\"Contact - Kin\u00e9sith\u00e9rapeute Ludovic Leboulanger La Hulpe Genval\" \/>\n<meta property=\"og:description\" content=\"Ludovic Leboulanger-Even Centre param\u00e9dical Becquevort Place Becquevort, 2 1332 Genval Num\u00e9ro de t\u00e9l\u00e9phone +32 473 - 46 - 20 - 74 Mon email ludovic.kinesitherapeute@gmail.com Social Media \u00a0 \u00a0 \u00a0 \u00a0 Cabinet situ\u00e9 au rez-de-chauss\u00e9e, accessible aux personnes \u00e0 mobilit\u00e9 r\u00e9duite Parking \u00e0 votre disposition en face du cabinet. Stationnement r\u00e9serv\u00e9 aux personnes handicap\u00e9es N&#039;h\u00e9sitez pas [&hellip;]\" \/>\n<meta property=\"og:url\" content=\"https:\/\/kine-genval.be\/index.php\/contact-us\/\" \/>\n<meta property=\"og:site_name\" content=\"Kin\u00e9sith\u00e9rapeute Ludovic Leboulanger La Hulpe Genval\" \/>\n<meta property=\"article:modified_time\" content=\"2019-01-18T07:23:56+00:00\" \/>\n<meta name=\"twitter:card\" content=\"summary\" \/>\n<meta name=\"twitter:label1\" content=\"Dur\u00e9e de lecture est.\">\n\t<meta name=\"twitter:data1\" content=\"1 minute\">\n<script type=\"application\/ld+json\" class=\"yoast-schema-graph\">{\"@context\":\"https:\/\/schema.org\",\"@graph\":[{\"@type\":\"WebSite\",\"@id\":\"https:\/\/kine-genval.be\/#website\",\"url\":\"https:\/\/kine-genval.be\/\",\"name\":\"Kin\\u00e9sith\\u00e9rapeute Ludovic Leboulanger La Hulpe Genval\",\"description\":\"- Site en construction -\",\"potentialAction\":[{\"@type\":\"SearchAction\",\"target\":\"https:\/\/kine-genval.be\/?s={search_term_string}\",\"query-input\":\"required name=search_term_string\"}],\"inLanguage\":\"fr-FR\"},{\"@type\":\"WebPage\",\"@id\":\"https:\/\/kine-genval.be\/index.php\/contact-us\/#webpage\",\"url\":\"https:\/\/kine-genval.be\/index.php\/contact-us\/\",\"name\":\"Contact - Kin\\u00e9sith\\u00e9rapeute Ludovic Leboulanger La Hulpe Genval\",\"isPartOf\":{\"@id\":\"https:\/\/kine-genval.be\/#website\"},\"datePublished\":\"2015-11-27T18:00:51+00:00\",\"dateModified\":\"2019-01-18T07:23:56+00:00\",\"inLanguage\":\"fr-FR\",\"potentialAction\":[{\"@type\":\"ReadAction\",\"target\":[\"https:\/\/kine-genval.be\/index.php\/contact-us\/\"]}]}]}<\/script>\n<!-- \/ Yoast SEO plugin. -->","_links":{"self":[{"href":"https:\/\/kine-genval.be\/index.php\/wp-json\/wp\/v2\/pages\/7551"}],"collection":[{"href":"https:\/\/kine-genval.be\/index.php\/wp-json\/wp\/v2\/pages"}],"about":[{"href":"https:\/\/kine-genval.be\/index.php\/wp-json\/wp\/v2\/types\/page"}],"author":[{"embeddable":true,"href":"https:\/\/kine-genval.be\/index.php\/wp-json\/wp\/v2\/users\/1"}],"replies":[{"embeddable":true,"href":"https:\/\/kine-genval.be\/index.php\/wp-json\/wp\/v2\/comments?post=7551"}],"version-history":[{"count":39,"href":"https:\/\/kine-genval.be\/index.php\/wp-json\/wp\/v2\/pages\/7551\/revisions"}],"predecessor-version":[{"id":7908,"href":"https:\/\/kine-genval.be\/index.php\/wp-json\/wp\/v2\/pages\/7551\/revisions\/7908"}],"wp:attachment":[{"href":"https:\/\/kine-genval.be\/index.php\/wp-json\/wp\/v2\/media?parent=7551"}],"curies":[{"name":"wp","href":"https:\/\/api.w.org\/{rel}","templated":true}]}}